

{"version":"1.0","provider_name":"starke-meinungen.de","provider_url":"https:\/\/starke-meinungen.de\/blog","author_name":"Ludwig Greven","author_url":"https:\/\/starke-meinungen.de\/blog\/author\/greven\/","title":"Warum es Schwarz-Gr\u00fcn braucht - starke-meinungen.de","type":"rich","width":600,"height":338,"html":"<blockquote class=\"wp-embedded-content\" data-secret=\"fMl6D7YWfj\"><a href=\"https:\/\/starke-meinungen.de\/blog\/2025\/02\/05\/warum-es-schwarz-gruen-braucht\/\">Warum es Schwarz-Gr\u00fcn braucht<\/a><\/blockquote><iframe sandbox=\"allow-scripts\" security=\"restricted\" src=\"https:\/\/starke-meinungen.de\/blog\/2025\/02\/05\/warum-es-schwarz-gruen-braucht\/embed\/#?secret=fMl6D7YWfj\" width=\"600\" height=\"338\" title=\"&#8222;Warum es Schwarz-Gr\u00fcn braucht&#8220; &#8211; starke-meinungen.de\" data-secret=\"fMl6D7YWfj\" frameborder=\"0\" marginwidth=\"0\" marginheight=\"0\" scrolling=\"no\" class=\"wp-embedded-content\"><\/iframe><script type=\"text\/javascript\">\n\/* <![CDATA[ *\/\n\/*! This file is auto-generated *\/\n!function(d,l){\"use strict\";l.querySelector&&d.addEventListener&&\"undefined\"!=typeof URL&&(d.wp=d.wp||{},d.wp.receiveEmbedMessage||(d.wp.receiveEmbedMessage=function(e){var t=e.data;if((t||t.secret||t.message||t.value)&&!\/[^a-zA-Z0-9]\/.test(t.secret)){for(var s,r,n,a=l.querySelectorAll('iframe[data-secret=\"'+t.secret+'\"]'),o=l.querySelectorAll('blockquote[data-secret=\"'+t.secret+'\"]'),c=new RegExp(\"^https?:$\",\"i\"),i=0;i<o.length;i++)o[i].style.display=\"none\";for(i=0;i<a.length;i++)s=a[i],e.source===s.contentWindow&&(s.removeAttribute(\"style\"),\"height\"===t.message?(1e3<(r=parseInt(t.value,10))?r=1e3:~~r<200&&(r=200),s.height=r):\"link\"===t.message&&(r=new URL(s.getAttribute(\"src\")),n=new URL(t.value),c.test(n.protocol))&&n.host===r.host&&l.activeElement===s&&(d.top.location.href=t.value))}},d.addEventListener(\"message\",d.wp.receiveEmbedMessage,!1),l.addEventListener(\"DOMContentLoaded\",function(){for(var e,t,s=l.querySelectorAll(\"iframe.wp-embedded-content\"),r=0;r<s.length;r++)(t=(e=s[r]).getAttribute(\"data-secret\"))||(t=Math.random().toString(36).substring(2,12),e.src+=\"#?secret=\"+t,e.setAttribute(\"data-secret\",t)),e.contentWindow.postMessage({message:\"ready\",secret:t},\"*\")},!1)))}(window,document);\n\/\/# sourceURL=https:\/\/starke-meinungen.de\/blog\/wp-includes\/js\/wp-embed.min.js\n\/* ]]> *\/\n<\/script>\n","description":"Nur ein B\u00fcndnis der konservativen mit der linksb\u00fcrgerlichen Kraft kann das Land aus dem Winterschlaf wecken, den Knoten in der Migrationspolitik l\u00f6sen, Wirtschaft wie Klimaschutz voranbringen und damit die AfD schw\u00e4chen. Erneut Schwarz-Rot w\u00e4re ein Desaster. Wenn es eine Konstante im deutschen Gem\u00fcte gibt, dann ist es die Sehnsucht nach Harmonie. Nach ein paar Tagen heftigem Schlagabtausch im Bundestag und... Weiterlesen &raquo;","thumbnail_url":"https:\/\/starke-meinungen.de\/blog\/wp-content\/uploads\/starke-meinungen-fb-header.jpg","thumbnail_width":1200,"thumbnail_height":630}