

{"version":"1.0","provider_name":"starke-meinungen.de","provider_url":"https:\/\/starke-meinungen.de\/blog","author_name":"Alan Posener","author_url":"https:\/\/starke-meinungen.de\/blog\/author\/posener\/","title":"Wann wird man den Juden Auschwitz verzeihen? - starke-meinungen.de","type":"rich","width":600,"height":338,"html":"<blockquote class=\"wp-embedded-content\" data-secret=\"7hVyiVavER\"><a href=\"https:\/\/starke-meinungen.de\/blog\/2020\/06\/30\/wann-wird-man-den-juden-auschwitz-verzeihen\/\">Wann wird man den Juden Auschwitz verzeihen?<\/a><\/blockquote><iframe sandbox=\"allow-scripts\" security=\"restricted\" src=\"https:\/\/starke-meinungen.de\/blog\/2020\/06\/30\/wann-wird-man-den-juden-auschwitz-verzeihen\/embed\/#?secret=7hVyiVavER\" width=\"600\" height=\"338\" title=\"&#8222;Wann wird man den Juden Auschwitz verzeihen?&#8220; &#8211; starke-meinungen.de\" data-secret=\"7hVyiVavER\" frameborder=\"0\" marginwidth=\"0\" marginheight=\"0\" scrolling=\"no\" class=\"wp-embedded-content\"><\/iframe><script type=\"text\/javascript\">\n\/* <![CDATA[ *\/\n\/*! This file is auto-generated *\/\n!function(d,l){\"use strict\";l.querySelector&&d.addEventListener&&\"undefined\"!=typeof URL&&(d.wp=d.wp||{},d.wp.receiveEmbedMessage||(d.wp.receiveEmbedMessage=function(e){var t=e.data;if((t||t.secret||t.message||t.value)&&!\/[^a-zA-Z0-9]\/.test(t.secret)){for(var s,r,n,a=l.querySelectorAll('iframe[data-secret=\"'+t.secret+'\"]'),o=l.querySelectorAll('blockquote[data-secret=\"'+t.secret+'\"]'),c=new RegExp(\"^https?:$\",\"i\"),i=0;i<o.length;i++)o[i].style.display=\"none\";for(i=0;i<a.length;i++)s=a[i],e.source===s.contentWindow&&(s.removeAttribute(\"style\"),\"height\"===t.message?(1e3<(r=parseInt(t.value,10))?r=1e3:~~r<200&&(r=200),s.height=r):\"link\"===t.message&&(r=new URL(s.getAttribute(\"src\")),n=new URL(t.value),c.test(n.protocol))&&n.host===r.host&&l.activeElement===s&&(d.top.location.href=t.value))}},d.addEventListener(\"message\",d.wp.receiveEmbedMessage,!1),l.addEventListener(\"DOMContentLoaded\",function(){for(var e,t,s=l.querySelectorAll(\"iframe.wp-embedded-content\"),r=0;r<s.length;r++)(t=(e=s[r]).getAttribute(\"data-secret\"))||(t=Math.random().toString(36).substring(2,12),e.src+=\"#?secret=\"+t,e.setAttribute(\"data-secret\",t)),e.contentWindow.postMessage({message:\"ready\",secret:t},\"*\")},!1)))}(window,document);\n\/\/# sourceURL=https:\/\/starke-meinungen.de\/blog\/wp-includes\/js\/wp-embed.min.js\n\/* ]]> *\/\n<\/script>\n","thumbnail_url":"https:\/\/starke-meinungen.de\/blog\/wp-content\/uploads\/Bild-Hallam.jpg","thumbnail_width":584,"thumbnail_height":228,"description":"Als der Umweltaktivist und Mitgr\u00fcnder von \u201eExtinction Rebellion&#8220; (XR) Roger Hallam im November letzten Jahres im Interview mit der \u201eZeit\u201c meinte, der Holocaust sei \u201ejust another fuckery\u201c in der langen Geschichte menschlicher Brutalit\u00e4t, erntete er mehr als nur einen Shitstorm: XR Germany erkl\u00e4rte, Hallam versto\u00dfe gegen die Prinzipien der Organisation, die \u201eAntisemitismus nicht duldet\u201c, und sei \u201enicht mehr willkommen\u201c. Der... Weiterlesen &raquo;"}