

{"version":"1.0","provider_name":"starke-meinungen.de","provider_url":"https:\/\/starke-meinungen.de\/blog","author_name":"Rainer Werner","author_url":"https:\/\/starke-meinungen.de\/blog\/author\/werner\/","title":"Verw\u00fcstete Landschaften - starke-meinungen.de","type":"rich","width":600,"height":338,"html":"<blockquote class=\"wp-embedded-content\" data-secret=\"UhrxoseVuK\"><a href=\"https:\/\/starke-meinungen.de\/blog\/2017\/10\/11\/verwuestete-landschaften\/\">Verw\u00fcstete Landschaften<\/a><\/blockquote><iframe sandbox=\"allow-scripts\" security=\"restricted\" src=\"https:\/\/starke-meinungen.de\/blog\/2017\/10\/11\/verwuestete-landschaften\/embed\/#?secret=UhrxoseVuK\" width=\"600\" height=\"338\" title=\"&#8222;Verw\u00fcstete Landschaften&#8220; &#8211; starke-meinungen.de\" data-secret=\"UhrxoseVuK\" frameborder=\"0\" marginwidth=\"0\" marginheight=\"0\" scrolling=\"no\" class=\"wp-embedded-content\"><\/iframe><script type=\"text\/javascript\">\n\/* <![CDATA[ *\/\n\/*! This file is auto-generated *\/\n!function(d,l){\"use strict\";l.querySelector&&d.addEventListener&&\"undefined\"!=typeof URL&&(d.wp=d.wp||{},d.wp.receiveEmbedMessage||(d.wp.receiveEmbedMessage=function(e){var t=e.data;if((t||t.secret||t.message||t.value)&&!\/[^a-zA-Z0-9]\/.test(t.secret)){for(var s,r,n,a=l.querySelectorAll('iframe[data-secret=\"'+t.secret+'\"]'),o=l.querySelectorAll('blockquote[data-secret=\"'+t.secret+'\"]'),c=new RegExp(\"^https?:$\",\"i\"),i=0;i<o.length;i++)o[i].style.display=\"none\";for(i=0;i<a.length;i++)s=a[i],e.source===s.contentWindow&&(s.removeAttribute(\"style\"),\"height\"===t.message?(1e3<(r=parseInt(t.value,10))?r=1e3:~~r<200&&(r=200),s.height=r):\"link\"===t.message&&(r=new URL(s.getAttribute(\"src\")),n=new URL(t.value),c.test(n.protocol))&&n.host===r.host&&l.activeElement===s&&(d.top.location.href=t.value))}},d.addEventListener(\"message\",d.wp.receiveEmbedMessage,!1),l.addEventListener(\"DOMContentLoaded\",function(){for(var e,t,s=l.querySelectorAll(\"iframe.wp-embedded-content\"),r=0;r<s.length;r++)(t=(e=s[r]).getAttribute(\"data-secret\"))||(t=Math.random().toString(36).substring(2,12),e.src+=\"#?secret=\"+t,e.setAttribute(\"data-secret\",t)),e.contentWindow.postMessage({message:\"ready\",secret:t},\"*\")},!1)))}(window,document);\n\/\/# sourceURL=https:\/\/starke-meinungen.de\/blog\/wp-includes\/js\/wp-embed.min.js\n\/* ]]> *\/\n<\/script>\n","description":"Kein Wort hat so viel H\u00e4me nach sich gezogen wie die 1990\u00a0 von Helmut Kohl ausgesprochene Prophezeiung, bald w\u00fcrden in den L\u00e4ndern der ehemaligen DDR \u201ebl\u00fchende Landschaften\u201c entstehen. Heute ist man sich einig, dass diese Verhei\u00dfung weitgehend wahr geworden ist \u2013 allerdings mit einer Versp\u00e4tung\u00a0 von \u00fcber 20 Jahren. \u00d6konomie war nie die St\u00e4rke des Generalisten Helmut Kohl. Und seine... Weiterlesen &raquo;","thumbnail_url":"https:\/\/starke-meinungen.de\/blog\/wp-content\/uploads\/starke-meinungen-fb-header.jpg","thumbnail_width":1200,"thumbnail_height":630}