

{"version":"1.0","provider_name":"starke-meinungen.de","provider_url":"https:\/\/starke-meinungen.de\/blog","author_name":"Rainer Werner","author_url":"https:\/\/starke-meinungen.de\/blog\/author\/werner\/","title":"Mit Erdogan den Strau\u00df wagen - starke-meinungen.de","type":"rich","width":600,"height":338,"html":"<blockquote class=\"wp-embedded-content\" data-secret=\"iKpwYGPVhY\"><a href=\"https:\/\/starke-meinungen.de\/blog\/2016\/11\/18\/mit-erdogan-den-strauss-wagen\/\">Mit Erdogan den Strau\u00df wagen<\/a><\/blockquote><iframe sandbox=\"allow-scripts\" security=\"restricted\" src=\"https:\/\/starke-meinungen.de\/blog\/2016\/11\/18\/mit-erdogan-den-strauss-wagen\/embed\/#?secret=iKpwYGPVhY\" width=\"600\" height=\"338\" title=\"&#8222;Mit Erdogan den Strau\u00df wagen&#8220; &#8211; starke-meinungen.de\" data-secret=\"iKpwYGPVhY\" frameborder=\"0\" marginwidth=\"0\" marginheight=\"0\" scrolling=\"no\" class=\"wp-embedded-content\"><\/iframe><script type=\"text\/javascript\">\n\/* <![CDATA[ *\/\n\/*! This file is auto-generated *\/\n!function(d,l){\"use strict\";l.querySelector&&d.addEventListener&&\"undefined\"!=typeof URL&&(d.wp=d.wp||{},d.wp.receiveEmbedMessage||(d.wp.receiveEmbedMessage=function(e){var t=e.data;if((t||t.secret||t.message||t.value)&&!\/[^a-zA-Z0-9]\/.test(t.secret)){for(var s,r,n,a=l.querySelectorAll('iframe[data-secret=\"'+t.secret+'\"]'),o=l.querySelectorAll('blockquote[data-secret=\"'+t.secret+'\"]'),c=new RegExp(\"^https?:$\",\"i\"),i=0;i<o.length;i++)o[i].style.display=\"none\";for(i=0;i<a.length;i++)s=a[i],e.source===s.contentWindow&&(s.removeAttribute(\"style\"),\"height\"===t.message?(1e3<(r=parseInt(t.value,10))?r=1e3:~~r<200&&(r=200),s.height=r):\"link\"===t.message&&(r=new URL(s.getAttribute(\"src\")),n=new URL(t.value),c.test(n.protocol))&&n.host===r.host&&l.activeElement===s&&(d.top.location.href=t.value))}},d.addEventListener(\"message\",d.wp.receiveEmbedMessage,!1),l.addEventListener(\"DOMContentLoaded\",function(){for(var e,t,s=l.querySelectorAll(\"iframe.wp-embedded-content\"),r=0;r<s.length;r++)(t=(e=s[r]).getAttribute(\"data-secret\"))||(t=Math.random().toString(36).substring(2,12),e.src+=\"#?secret=\"+t,e.setAttribute(\"data-secret\",t)),e.contentWindow.postMessage({message:\"ready\",secret:t},\"*\")},!1)))}(window,document);\n\/\/# sourceURL=https:\/\/starke-meinungen.de\/blog\/wp-includes\/js\/wp-embed.min.js\n\/* ]]> *\/\n<\/script>\n","description":"\u00a0Die j\u00fcngste Entwicklung in der T\u00fcrkei wird auch dem gr\u00f6\u00dften T\u00fcrkei-Freund die Augen dar\u00fcber ge\u00f6ffnet haben, dass dieses Land in der EU nichts verloren hat. Erdogan arbeitet zielstrebig darauf hin, ein \u00a0autorit\u00e4res\u00a0 Pr\u00e4sidialsystem nach dem Vorbild Wladimir Putins zu errichten. Alle\u00a0 Ma\u00dfnahmen, die er in den Monaten seit dem Milit\u00e4rputsch im Sommer unternommen hat, dienen diesem Ziel: &#8222;S\u00e4uberung&#8220; aller gesellschaftlichen... Weiterlesen &raquo;","thumbnail_url":"https:\/\/starke-meinungen.de\/blog\/wp-content\/uploads\/starke-meinungen-fb-header.jpg","thumbnail_width":1200,"thumbnail_height":630}