

{"version":"1.0","provider_name":"starke-meinungen.de","provider_url":"https:\/\/starke-meinungen.de\/blog","author_name":"Alan Posener","author_url":"https:\/\/starke-meinungen.de\/blog\/author\/posener\/","title":"Die verlorene Ehre des Alexander Gauland - starke-meinungen.de","type":"rich","width":600,"height":338,"html":"<blockquote class=\"wp-embedded-content\" data-secret=\"aIatvwYjMo\"><a href=\"https:\/\/starke-meinungen.de\/blog\/2016\/05\/31\/die-verlorene-ehre-des-alexander-gauland\/\">Die verlorene Ehre des Alexander Gauland<\/a><\/blockquote><iframe sandbox=\"allow-scripts\" security=\"restricted\" src=\"https:\/\/starke-meinungen.de\/blog\/2016\/05\/31\/die-verlorene-ehre-des-alexander-gauland\/embed\/#?secret=aIatvwYjMo\" width=\"600\" height=\"338\" title=\"&#8222;Die verlorene Ehre des Alexander Gauland&#8220; &#8211; starke-meinungen.de\" data-secret=\"aIatvwYjMo\" frameborder=\"0\" marginwidth=\"0\" marginheight=\"0\" scrolling=\"no\" class=\"wp-embedded-content\"><\/iframe><script type=\"text\/javascript\">\n\/* <![CDATA[ *\/\n\/*! This file is auto-generated *\/\n!function(d,l){\"use strict\";l.querySelector&&d.addEventListener&&\"undefined\"!=typeof URL&&(d.wp=d.wp||{},d.wp.receiveEmbedMessage||(d.wp.receiveEmbedMessage=function(e){var t=e.data;if((t||t.secret||t.message||t.value)&&!\/[^a-zA-Z0-9]\/.test(t.secret)){for(var s,r,n,a=l.querySelectorAll('iframe[data-secret=\"'+t.secret+'\"]'),o=l.querySelectorAll('blockquote[data-secret=\"'+t.secret+'\"]'),c=new RegExp(\"^https?:$\",\"i\"),i=0;i<o.length;i++)o[i].style.display=\"none\";for(i=0;i<a.length;i++)s=a[i],e.source===s.contentWindow&&(s.removeAttribute(\"style\"),\"height\"===t.message?(1e3<(r=parseInt(t.value,10))?r=1e3:~~r<200&&(r=200),s.height=r):\"link\"===t.message&&(r=new URL(s.getAttribute(\"src\")),n=new URL(t.value),c.test(n.protocol))&&n.host===r.host&&l.activeElement===s&&(d.top.location.href=t.value))}},d.addEventListener(\"message\",d.wp.receiveEmbedMessage,!1),l.addEventListener(\"DOMContentLoaded\",function(){for(var e,t,s=l.querySelectorAll(\"iframe.wp-embedded-content\"),r=0;r<s.length;r++)(t=(e=s[r]).getAttribute(\"data-secret\"))||(t=Math.random().toString(36).substring(2,12),e.src+=\"#?secret=\"+t,e.setAttribute(\"data-secret\",t)),e.contentWindow.postMessage({message:\"ready\",secret:t},\"*\")},!1)))}(window,document);\n\/\/# sourceURL=https:\/\/starke-meinungen.de\/blog\/wp-includes\/js\/wp-embed.min.js\n\/* ]]> *\/\n<\/script>\n","description":"Keine Frage: Die \u201eFrankfurter Allgemeine Sonntagszeitung\u201c hat journalistisch unsauber gearbeitet. Die \u00dcberschrift \u201eGauland beleidigt Boateng\u201c war nicht durch das gedeckt, was der stellvertretende Parteivorsitzende der AfD gesagt hat, und was er \u00fcbrigens seit mindestens einem Jahr immer wieder in Hintergrundgespr\u00e4chen von sich gibt; auch mir gegen\u00fcber hat er sich so oder so \u00e4hnlich ge\u00e4u\u00dfert.","thumbnail_url":"https:\/\/starke-meinungen.de\/blog\/wp-content\/uploads\/starke-meinungen-fb-header.jpg","thumbnail_width":1200,"thumbnail_height":630}