

{"version":"1.0","provider_name":"starke-meinungen.de","provider_url":"https:\/\/starke-meinungen.de\/blog","author_name":"Rainer Werner","author_url":"https:\/\/starke-meinungen.de\/blog\/author\/werner\/","title":"Arabischer Fr\u00fchling: zum Winter erstarrt - starke-meinungen.de","type":"rich","width":600,"height":338,"html":"<blockquote class=\"wp-embedded-content\" data-secret=\"v9CuCseOcb\"><a href=\"https:\/\/starke-meinungen.de\/blog\/2015\/11\/09\/arabischer-fruehling-zum-winter-erstarrt\/\">Arabischer Fr\u00fchling: zum Winter erstarrt<\/a><\/blockquote><iframe sandbox=\"allow-scripts\" security=\"restricted\" src=\"https:\/\/starke-meinungen.de\/blog\/2015\/11\/09\/arabischer-fruehling-zum-winter-erstarrt\/embed\/#?secret=v9CuCseOcb\" width=\"600\" height=\"338\" title=\"&#8222;Arabischer Fr\u00fchling: zum Winter erstarrt&#8220; &#8211; starke-meinungen.de\" data-secret=\"v9CuCseOcb\" frameborder=\"0\" marginwidth=\"0\" marginheight=\"0\" scrolling=\"no\" class=\"wp-embedded-content\"><\/iframe><script type=\"text\/javascript\">\n\/* <![CDATA[ *\/\n\/*! This file is auto-generated *\/\n!function(d,l){\"use strict\";l.querySelector&&d.addEventListener&&\"undefined\"!=typeof URL&&(d.wp=d.wp||{},d.wp.receiveEmbedMessage||(d.wp.receiveEmbedMessage=function(e){var t=e.data;if((t||t.secret||t.message||t.value)&&!\/[^a-zA-Z0-9]\/.test(t.secret)){for(var s,r,n,a=l.querySelectorAll('iframe[data-secret=\"'+t.secret+'\"]'),o=l.querySelectorAll('blockquote[data-secret=\"'+t.secret+'\"]'),c=new RegExp(\"^https?:$\",\"i\"),i=0;i<o.length;i++)o[i].style.display=\"none\";for(i=0;i<a.length;i++)s=a[i],e.source===s.contentWindow&&(s.removeAttribute(\"style\"),\"height\"===t.message?(1e3<(r=parseInt(t.value,10))?r=1e3:~~r<200&&(r=200),s.height=r):\"link\"===t.message&&(r=new URL(s.getAttribute(\"src\")),n=new URL(t.value),c.test(n.protocol))&&n.host===r.host&&l.activeElement===s&&(d.top.location.href=t.value))}},d.addEventListener(\"message\",d.wp.receiveEmbedMessage,!1),l.addEventListener(\"DOMContentLoaded\",function(){for(var e,t,s=l.querySelectorAll(\"iframe.wp-embedded-content\"),r=0;r<s.length;r++)(t=(e=s[r]).getAttribute(\"data-secret\"))||(t=Math.random().toString(36).substring(2,12),e.src+=\"#?secret=\"+t,e.setAttribute(\"data-secret\",t)),e.contentWindow.postMessage({message:\"ready\",secret:t},\"*\")},!1)))}(window,document);\n\/\/# sourceURL=https:\/\/starke-meinungen.de\/blog\/wp-includes\/js\/wp-embed.min.js\n\/* ]]> *\/\n<\/script>\n","description":"&#8222;Ihr lacht wohl \u00fcber den Tr\u00e4umer, Der Blumen im Winter sah?&#8220; (Wilhelm M\u00fcller: &#8222;Winterreise&#8220;) &nbsp; Als im Dezember 2010 in Tunesien lokale Proteste gegen die schlechten Lebensbedingungen und die Perspektivlosigkeit der Jugend ausbrachen, nahmen westliche Beobachter davon noch kaum Notiz. Wenige Monate sp\u00e4ter sollte sich das \u00e4ndern. Denn die Proteste wuchsen sich zu einem Volksaufstand gegen die autorit\u00e4re Regierung des... Weiterlesen &raquo;","thumbnail_url":"https:\/\/starke-meinungen.de\/blog\/wp-content\/uploads\/starke-meinungen-fb-header.jpg","thumbnail_width":1200,"thumbnail_height":630}