

{"version":"1.0","provider_name":"starke-meinungen.de","provider_url":"https:\/\/starke-meinungen.de\/blog","author_name":"Rainer Werner","author_url":"https:\/\/starke-meinungen.de\/blog\/author\/werner\/","title":"Christen mit K\u00e4lte im Herzen - starke-meinungen.de","type":"rich","width":600,"height":338,"html":"<blockquote class=\"wp-embedded-content\" data-secret=\"OaF2bW0kii\"><a href=\"https:\/\/starke-meinungen.de\/blog\/2015\/09\/11\/christen-mit-kaelte-im-herzen\/\">Christen mit K\u00e4lte im Herzen<\/a><\/blockquote><iframe sandbox=\"allow-scripts\" security=\"restricted\" src=\"https:\/\/starke-meinungen.de\/blog\/2015\/09\/11\/christen-mit-kaelte-im-herzen\/embed\/#?secret=OaF2bW0kii\" width=\"600\" height=\"338\" title=\"&#8222;Christen mit K\u00e4lte im Herzen&#8220; &#8211; starke-meinungen.de\" data-secret=\"OaF2bW0kii\" frameborder=\"0\" marginwidth=\"0\" marginheight=\"0\" scrolling=\"no\" class=\"wp-embedded-content\"><\/iframe><script type=\"text\/javascript\">\n\/* <![CDATA[ *\/\n\/*! This file is auto-generated *\/\n!function(d,l){\"use strict\";l.querySelector&&d.addEventListener&&\"undefined\"!=typeof URL&&(d.wp=d.wp||{},d.wp.receiveEmbedMessage||(d.wp.receiveEmbedMessage=function(e){var t=e.data;if((t||t.secret||t.message||t.value)&&!\/[^a-zA-Z0-9]\/.test(t.secret)){for(var s,r,n,a=l.querySelectorAll('iframe[data-secret=\"'+t.secret+'\"]'),o=l.querySelectorAll('blockquote[data-secret=\"'+t.secret+'\"]'),c=new RegExp(\"^https?:$\",\"i\"),i=0;i<o.length;i++)o[i].style.display=\"none\";for(i=0;i<a.length;i++)s=a[i],e.source===s.contentWindow&&(s.removeAttribute(\"style\"),\"height\"===t.message?(1e3<(r=parseInt(t.value,10))?r=1e3:~~r<200&&(r=200),s.height=r):\"link\"===t.message&&(r=new URL(s.getAttribute(\"src\")),n=new URL(t.value),c.test(n.protocol))&&n.host===r.host&&l.activeElement===s&&(d.top.location.href=t.value))}},d.addEventListener(\"message\",d.wp.receiveEmbedMessage,!1),l.addEventListener(\"DOMContentLoaded\",function(){for(var e,t,s=l.querySelectorAll(\"iframe.wp-embedded-content\"),r=0;r<s.length;r++)(t=(e=s[r]).getAttribute(\"data-secret\"))||(t=Math.random().toString(36).substring(2,12),e.src+=\"#?secret=\"+t,e.setAttribute(\"data-secret\",t)),e.contentWindow.postMessage({message:\"ready\",secret:t},\"*\")},!1)))}(window,document);\n\/\/# sourceURL=https:\/\/starke-meinungen.de\/blog\/wp-includes\/js\/wp-embed.min.js\n\/* ]]> *\/\n<\/script>\n","description":"\u00a0Von Karl Marx kennen wir das gefl\u00fcgelte Wort, Religion sei Opium des Volkes. Zur Zeit hat es den Anschein, als habe dieses spezielle Opiat die Gedanken vor allem der Christen in Europa vernebelt. Polen, das erzkatholische Land, weigert sich strikt, Fl\u00fcchtlinge aus Syrien und dem Irak aufzunehmen. Der polnische Europa-Abgeordnete Janusz Korwin-Mikke bezeichnete die Fl\u00fcchtlinge als &#8222;menschlichen M\u00fcll&#8220;. Ungarn, das... Weiterlesen &raquo;","thumbnail_url":"https:\/\/starke-meinungen.de\/blog\/wp-content\/uploads\/starke-meinungen-fb-header.jpg","thumbnail_width":1200,"thumbnail_height":630}