

{"version":"1.0","provider_name":"starke-meinungen.de","provider_url":"https:\/\/starke-meinungen.de\/blog","author_name":"Alan Posener","author_url":"https:\/\/starke-meinungen.de\/blog\/author\/posener\/","title":"\u201eRassismus erkennen &amp; bek\u00e4mpfen\u201c - starke-meinungen.de","type":"rich","width":600,"height":338,"html":"<blockquote class=\"wp-embedded-content\" data-secret=\"7NB1eI9Xrg\"><a href=\"https:\/\/starke-meinungen.de\/blog\/2013\/08\/06\/rassismus-erkennen-bekampfen\/\">\u201eRassismus erkennen &amp; bek\u00e4mpfen\u201c<\/a><\/blockquote><iframe sandbox=\"allow-scripts\" security=\"restricted\" src=\"https:\/\/starke-meinungen.de\/blog\/2013\/08\/06\/rassismus-erkennen-bekampfen\/embed\/#?secret=7NB1eI9Xrg\" width=\"600\" height=\"338\" title=\"&#8222;\u201eRassismus erkennen &amp; bek\u00e4mpfen\u201c&#8220; &#8211; starke-meinungen.de\" data-secret=\"7NB1eI9Xrg\" frameborder=\"0\" marginwidth=\"0\" marginheight=\"0\" scrolling=\"no\" class=\"wp-embedded-content\"><\/iframe><script type=\"text\/javascript\">\n\/* <![CDATA[ *\/\n\/*! This file is auto-generated *\/\n!function(d,l){\"use strict\";l.querySelector&&d.addEventListener&&\"undefined\"!=typeof URL&&(d.wp=d.wp||{},d.wp.receiveEmbedMessage||(d.wp.receiveEmbedMessage=function(e){var t=e.data;if((t||t.secret||t.message||t.value)&&!\/[^a-zA-Z0-9]\/.test(t.secret)){for(var s,r,n,a=l.querySelectorAll('iframe[data-secret=\"'+t.secret+'\"]'),o=l.querySelectorAll('blockquote[data-secret=\"'+t.secret+'\"]'),c=new RegExp(\"^https?:$\",\"i\"),i=0;i<o.length;i++)o[i].style.display=\"none\";for(i=0;i<a.length;i++)s=a[i],e.source===s.contentWindow&&(s.removeAttribute(\"style\"),\"height\"===t.message?(1e3<(r=parseInt(t.value,10))?r=1e3:~~r<200&&(r=200),s.height=r):\"link\"===t.message&&(r=new URL(s.getAttribute(\"src\")),n=new URL(t.value),c.test(n.protocol))&&n.host===r.host&&l.activeElement===s&&(d.top.location.href=t.value))}},d.addEventListener(\"message\",d.wp.receiveEmbedMessage,!1),l.addEventListener(\"DOMContentLoaded\",function(){for(var e,t,s=l.querySelectorAll(\"iframe.wp-embedded-content\"),r=0;r<s.length;r++)(t=(e=s[r]).getAttribute(\"data-secret\"))||(t=Math.random().toString(36).substring(2,12),e.src+=\"#?secret=\"+t,e.setAttribute(\"data-secret\",t)),e.contentWindow.postMessage({message:\"ready\",secret:t},\"*\")},!1)))}(window,document);\n\/\/# sourceURL=https:\/\/starke-meinungen.de\/blog\/wp-includes\/js\/wp-embed.min.js\n\/* ]]> *\/\n<\/script>\n","description":"Es gibt Leute, denen das \u201eNetzwerk Schule ohne Rassismus Schule mit Courage\u201c ein Dorn im Auge ist. Und das sind nicht nur unverbesserliche Rassisten, Moslemhasser und \u00e4hnliche Spinner. Durchaus ernst zu nehmende Leute aus der florierenden Sozialarbeits- und Sozialreparaturszene meinen, es handele sich bei dem von Sanem Kleff als Leiterin und Eberhard Seidel als Gesch\u00e4ftsf\u00fchrer gef\u00fchrten Projekt um ein gut... Weiterlesen &raquo;","thumbnail_url":"https:\/\/starke-meinungen.de\/blog\/wp-content\/uploads\/starke-meinungen-fb-header.jpg","thumbnail_width":1200,"thumbnail_height":630}