

{"version":"1.0","provider_name":"starke-meinungen.de","provider_url":"https:\/\/starke-meinungen.de\/blog","author_name":"Gastautor","author_url":"https:\/\/starke-meinungen.de\/blog\/author\/gastautor\/","title":"Christlich-\u00d6kologisch kommt - starke-meinungen.de","type":"rich","width":600,"height":338,"html":"<blockquote class=\"wp-embedded-content\" data-secret=\"QNeHeNHNIt\"><a href=\"https:\/\/starke-meinungen.de\/blog\/2010\/03\/24\/christlich-okologisch-kommt\/\">Christlich-\u00d6kologisch kommt<\/a><\/blockquote><iframe sandbox=\"allow-scripts\" security=\"restricted\" src=\"https:\/\/starke-meinungen.de\/blog\/2010\/03\/24\/christlich-okologisch-kommt\/embed\/#?secret=QNeHeNHNIt\" width=\"600\" height=\"338\" title=\"&#8222;Christlich-\u00d6kologisch kommt&#8220; &#8211; starke-meinungen.de\" data-secret=\"QNeHeNHNIt\" frameborder=\"0\" marginwidth=\"0\" marginheight=\"0\" scrolling=\"no\" class=\"wp-embedded-content\"><\/iframe><script type=\"text\/javascript\">\n\/* <![CDATA[ *\/\n\/*! This file is auto-generated *\/\n!function(d,l){\"use strict\";l.querySelector&&d.addEventListener&&\"undefined\"!=typeof URL&&(d.wp=d.wp||{},d.wp.receiveEmbedMessage||(d.wp.receiveEmbedMessage=function(e){var t=e.data;if((t||t.secret||t.message||t.value)&&!\/[^a-zA-Z0-9]\/.test(t.secret)){for(var s,r,n,a=l.querySelectorAll('iframe[data-secret=\"'+t.secret+'\"]'),o=l.querySelectorAll('blockquote[data-secret=\"'+t.secret+'\"]'),c=new RegExp(\"^https?:$\",\"i\"),i=0;i<o.length;i++)o[i].style.display=\"none\";for(i=0;i<a.length;i++)s=a[i],e.source===s.contentWindow&&(s.removeAttribute(\"style\"),\"height\"===t.message?(1e3<(r=parseInt(t.value,10))?r=1e3:~~r<200&&(r=200),s.height=r):\"link\"===t.message&&(r=new URL(s.getAttribute(\"src\")),n=new URL(t.value),c.test(n.protocol))&&n.host===r.host&&l.activeElement===s&&(d.top.location.href=t.value))}},d.addEventListener(\"message\",d.wp.receiveEmbedMessage,!1),l.addEventListener(\"DOMContentLoaded\",function(){for(var e,t,s=l.querySelectorAll(\"iframe.wp-embedded-content\"),r=0;r<s.length;r++)(t=(e=s[r]).getAttribute(\"data-secret\"))||(t=Math.random().toString(36).substring(2,12),e.src+=\"#?secret=\"+t,e.setAttribute(\"data-secret\",t)),e.contentWindow.postMessage({message:\"ready\",secret:t},\"*\")},!1)))}(window,document);\n\/\/# sourceURL=https:\/\/starke-meinungen.de\/blog\/wp-includes\/js\/wp-embed.min.js\n\/* ]]> *\/\n<\/script>\n","description":"Von Alexander G\u00f6rlach, Herausgeber und Chefredakteur &#8222;The European&#8220;: Jetzt also schwarz-gr\u00fcn. Daf\u00fcr gibt es eine Option. Schon bald in Nordrhein-Westfalen. Und dann im Bund. \u00a0Dass das l\u00e4hmende schwarz-gelbe Debakel sich noch dreieinhalb Jahre hinziehen wird, glaubt keiner mehr der Kommentatoren. F\u00fcr die Union entsteht nun die M\u00f6glichkeit einer Koalition mit der \u00d6kopartei. Sie wird diese Chance nutzen. Denn die Gr\u00fcnen... Weiterlesen &raquo;","thumbnail_url":"https:\/\/starke-meinungen.de\/blog\/wp-content\/uploads\/starke-meinungen-fb-header.jpg","thumbnail_width":1200,"thumbnail_height":630}